{"id":191,"date":"2022-10-08T18:27:24","date_gmt":"2022-10-08T18:27:24","guid":{"rendered":"https:\/\/www.abap.pt\/\/?page_id=191"},"modified":"2024-04-19T06:13:52","modified_gmt":"2024-04-19T06:13:52","slug":"noticias","status":"publish","type":"page","link":"https:\/\/www.abap.pt\/?page_id=191","title":{"rendered":"Not\u00edcias"},"content":{"rendered":"\n<p><strong>\n<div id=\"wpnaw-news-1\" class=\"wpnaw-news-grid-main design-34 wpnaw-grid-3  wpnaw-image-fit wpnaw-clearfix\">\n\t\n<div class=\"wpnaw-news-grid wpnews-medium-4 wpnews-columns  wpnw-first\">\n\t<div class=\"wpnaw-news-grid-content\">\n\t\t\t\t\t<div class=\"wpnaw-news-image-bg\" style=\"\">\n\t\t\t\t<a href=\"https:\/\/www.abap.pt\/?news=abap-foi-homenageada-no-feriado-municipal\" target=\"_self\">\n\t\t\t\t\t<img decoding=\"async\" src=\"https:\/\/www.abap.pt\/wp-content\/uploads\/2025\/07\/FM-ABAP-1.jpg\" alt=\"ABAP foi homenageada no Feriado Municipal\" \/>\n\t\t\t\t<\/a>\n\t\t\t<\/div>\n\t\t\t\t<div class=\"wpnaw-news-inner-content\">\n\t\t\t\t\n\t\t\t\t<h2 class=\"wpnaw-news-title\">\n\t\t\t\t\t\t\t\t\t\t \t<a href=\"https:\/\/www.abap.pt\/?news=abap-foi-homenageada-no-feriado-municipal\" target=\"_self\">ABAP foi homenageada no Feriado Municipal<\/a>\n\t\t\t\t\t \t\t\t\t<\/h2>\n\t\t\t\t\t\t\t<div class=\"wpnaw-news-date\">\n\t\t\t\t\t\t\t\t\t\t\t\t\t\t\t28 de Julho, 2025\t\t\t\t<\/div>\n\t\t\t\t\t\t\t<div class=\"wpnaw-news-content\">\n\t\t\t\t\t\t\t\t\t\t\t<div class=\"wpnaw-news-short-content\">O Munic\u00edpio de Cantanhede assinalou na passada sexta-feira, 25 de julho, o 34.\u00ba anivers\u00e1rio da sua eleva\u00e7\u00e3o a cidade.<\/div>\n\t\t\t\t\t\t\t\t\t\t\t\t\t<a href=\"https:\/\/www.abap.pt\/?news=abap-foi-homenageada-no-feriado-municipal\" target=\"_self\" class=\"readmorebtn\">Ler mais<\/a>\n\t\t\t\t\t\t\t\t\t\t<\/div>\n\t\t\t\t\t<\/div>\n\t<\/div>\n<\/div>\n<div class=\"wpnaw-news-grid wpnews-medium-4 wpnews-columns \">\n\t<div class=\"wpnaw-news-grid-content\">\n\t\t\t\t\t<div class=\"wpnaw-news-image-bg\" style=\"\">\n\t\t\t\t<a href=\"https:\/\/www.abap.pt\/?news=biocant-park-destacado-como-exemplo-em-livro-de-vitor-cardial-ex-administrador-da-abap\" target=\"_self\">\n\t\t\t\t\t<img decoding=\"async\" src=\"https:\/\/www.abap.pt\/wp-content\/uploads\/2025\/03\/cardial.jpg\" alt=\"Biocant destacado como exemplo em livro de V\u00edtor Cardial, ex-administrador da ABAP\" \/>\n\t\t\t\t<\/a>\n\t\t\t<\/div>\n\t\t\t\t<div class=\"wpnaw-news-inner-content\">\n\t\t\t\t\n\t\t\t\t<h2 class=\"wpnaw-news-title\">\n\t\t\t\t\t\t\t\t\t\t \t<a href=\"https:\/\/www.abap.pt\/?news=biocant-park-destacado-como-exemplo-em-livro-de-vitor-cardial-ex-administrador-da-abap\" target=\"_self\">Biocant destacado como exemplo em livro de V\u00edtor...<\/a>\n\t\t\t\t\t \t\t\t\t<\/h2>\n\t\t\t\t\t\t\t<div class=\"wpnaw-news-date\">\n\t\t\t\t\t\t\t\t\t\t\t\t\t\t\t27 de Fevereiro, 2025\t\t\t\t<\/div>\n\t\t\t\t\t\t\t<div class=\"wpnaw-news-content\">\n\t\t\t\t\t\t\t\t\t\t\t<div class=\"wpnaw-news-short-content\">A origem Biocant Park foi o mote para o livro Estrat\u00e9gias de Desenvolvimento Regional - Papel e din\u00e2micas do Poder...<\/div>\n\t\t\t\t\t\t\t\t\t\t\t\t\t<a href=\"https:\/\/www.abap.pt\/?news=biocant-park-destacado-como-exemplo-em-livro-de-vitor-cardial-ex-administrador-da-abap\" target=\"_self\" class=\"readmorebtn\">Ler mais<\/a>\n\t\t\t\t\t\t\t\t\t\t<\/div>\n\t\t\t\t\t<\/div>\n\t<\/div>\n<\/div>\n<div class=\"wpnaw-news-grid wpnews-medium-4 wpnews-columns  wpnw-last\">\n\t<div class=\"wpnaw-news-grid-content\">\n\t\t\t\t\t<div class=\"wpnaw-news-image-bg\" style=\"\">\n\t\t\t\t<a href=\"https:\/\/www.abap.pt\/?news=reuniao-do-conselho-local-de-acao-social-clas-de-cantanhede-nos-pacos-do-concelho\" target=\"_self\">\n\t\t\t\t\t<img decoding=\"async\" src=\"https:\/\/www.abap.pt\/wp-content\/uploads\/2024\/10\/cclas1.jpg\" alt=\"CLAS ouvido no \u00e2mbito do Plano Estrat\u00e9gico do Munic\u00edpio de Cantanhede\" \/>\n\t\t\t\t<\/a>\n\t\t\t<\/div>\n\t\t\t\t<div class=\"wpnaw-news-inner-content\">\n\t\t\t\t\n\t\t\t\t<h2 class=\"wpnaw-news-title\">\n\t\t\t\t\t\t\t\t\t\t \t<a href=\"https:\/\/www.abap.pt\/?news=reuniao-do-conselho-local-de-acao-social-clas-de-cantanhede-nos-pacos-do-concelho\" target=\"_self\">CLAS ouvido no \u00e2mbito do Plano Estrat\u00e9gico do...<\/a>\n\t\t\t\t\t \t\t\t\t<\/h2>\n\t\t\t\t\t\t\t<div class=\"wpnaw-news-date\">\n\t\t\t\t\t\t\t\t\t\t\t\t\t\t\t17 de Outubro, 2024\t\t\t\t<\/div>\n\t\t\t\t\t\t\t<div class=\"wpnaw-news-content\">\n\t\t\t\t\t\t\t\t\t\t\t<div class=\"wpnaw-news-short-content\">O sal\u00e3o nobre dos Pa\u00e7os do Concelho foi palco da reuni\u00e3o do Conselho Local de A\u00e7\u00e3o Social (CLAS) de Cantanhede,...<\/div>\n\t\t\t\t\t\t\t\t\t\t\t\t\t<a href=\"https:\/\/www.abap.pt\/?news=reuniao-do-conselho-local-de-acao-social-clas-de-cantanhede-nos-pacos-do-concelho\" target=\"_self\" class=\"readmorebtn\">Ler mais<\/a>\n\t\t\t\t\t\t\t\t\t\t<\/div>\n\t\t\t\t\t<\/div>\n\t<\/div>\n<\/div>\n<div class=\"wpnaw-news-grid wpnews-medium-4 wpnews-columns  wpnw-first\">\n\t<div class=\"wpnaw-news-grid-content\">\n\t\t\t\t\t<div class=\"wpnaw-news-image-bg\" style=\"\">\n\t\t\t\t<a href=\"https:\/\/www.abap.pt\/?news=aicep-visita-o-biocant\" target=\"_self\">\n\t\t\t\t\t<img decoding=\"async\" src=\"https:\/\/www.abap.pt\/wp-content\/uploads\/2024\/09\/aicep.jpg\" alt=\"AICEP visita o Biocant\" \/>\n\t\t\t\t<\/a>\n\t\t\t<\/div>\n\t\t\t\t<div class=\"wpnaw-news-inner-content\">\n\t\t\t\t\n\t\t\t\t<h2 class=\"wpnaw-news-title\">\n\t\t\t\t\t\t\t\t\t\t \t<a href=\"https:\/\/www.abap.pt\/?news=aicep-visita-o-biocant\" target=\"_self\">AICEP visita o Biocant<\/a>\n\t\t\t\t\t \t\t\t\t<\/h2>\n\t\t\t\t\t\t\t<div class=\"wpnaw-news-date\">\n\t\t\t\t\t\t\t\t\t\t\t\t\t\t\t12 de Setembro, 2024\t\t\t\t<\/div>\n\t\t\t\t\t\t\t<div class=\"wpnaw-news-content\">\n\t\t\t\t\t\t\t\t\t\t\t<div class=\"wpnaw-news-short-content\">Uma comitiva da Ag\u00eancia para o Investimento e Com\u00e9rcio Externo de Portugal (AICEP) visitou na passada segunda-feira, dia 9 de...<\/div>\n\t\t\t\t\t\t\t\t\t\t\t\t\t<a href=\"https:\/\/www.abap.pt\/?news=aicep-visita-o-biocant\" target=\"_self\" class=\"readmorebtn\">Ler mais<\/a>\n\t\t\t\t\t\t\t\t\t\t<\/div>\n\t\t\t\t\t<\/div>\n\t<\/div>\n<\/div>\n<div class=\"wpnaw-news-grid wpnews-medium-4 wpnews-columns \">\n\t<div class=\"wpnaw-news-grid-content\">\n\t\t\t\t\t<div class=\"wpnaw-news-image-bg\" style=\"\">\n\t\t\t\t<a href=\"https:\/\/www.abap.pt\/?news=ecossistema-biocant-esteve-em-destaque-no-feriado-municipal\" target=\"_self\">\n\t\t\t\t\t<img decoding=\"async\" src=\"https:\/\/www.abap.pt\/wp-content\/uploads\/2024\/07\/ccfaro.jpg\" alt=\"Ecossistema Biocant esteve em destaque no feriado municipal\" \/>\n\t\t\t\t<\/a>\n\t\t\t<\/div>\n\t\t\t\t<div class=\"wpnaw-news-inner-content\">\n\t\t\t\t\n\t\t\t\t<h2 class=\"wpnaw-news-title\">\n\t\t\t\t\t\t\t\t\t\t \t<a href=\"https:\/\/www.abap.pt\/?news=ecossistema-biocant-esteve-em-destaque-no-feriado-municipal\" target=\"_self\">Ecossistema Biocant esteve em destaque no feriado municipal<\/a>\n\t\t\t\t\t \t\t\t\t<\/h2>\n\t\t\t\t\t\t\t<div class=\"wpnaw-news-date\">\n\t\t\t\t\t\t\t\t\t\t\t\t\t\t\t25 de Julho, 2024\t\t\t\t<\/div>\n\t\t\t\t\t\t\t<div class=\"wpnaw-news-content\">\n\t\t\t\t\t\t\t\t\t\t\t<div class=\"wpnaw-news-short-content\">Tr\u00eas reputados acad\u00e9micos da Universidade de Coimbra, dois dos quais ligados \u00e0 funda\u00e7\u00e3o do Parque Tecnol\u00f3gico de Cantanhede (Biocant Park),...<\/div>\n\t\t\t\t\t\t\t\t\t\t\t\t\t<a href=\"https:\/\/www.abap.pt\/?news=ecossistema-biocant-esteve-em-destaque-no-feriado-municipal\" target=\"_self\" class=\"readmorebtn\">Ler mais<\/a>\n\t\t\t\t\t\t\t\t\t\t<\/div>\n\t\t\t\t\t<\/div>\n\t<\/div>\n<\/div>\n<div class=\"wpnaw-news-grid wpnews-medium-4 wpnews-columns  wpnw-last\">\n\t<div class=\"wpnaw-news-grid-content\">\n\t\t\t\t\t<div class=\"wpnaw-news-image-bg\" style=\"\">\n\t\t\t\t<a href=\"https:\/\/www.abap.pt\/?news=dia-aberto-no-biocant-park\" target=\"_self\">\n\t\t\t\t\t<img decoding=\"async\" src=\"https:\/\/www.abap.pt\/wp-content\/uploads\/2024\/04\/auditorio.jpg\" alt=\"Dia aberto decorreu no Biocant Park\" \/>\n\t\t\t\t<\/a>\n\t\t\t<\/div>\n\t\t\t\t<div class=\"wpnaw-news-inner-content\">\n\t\t\t\t\n\t\t\t\t<h2 class=\"wpnaw-news-title\">\n\t\t\t\t\t\t\t\t\t\t \t<a href=\"https:\/\/www.abap.pt\/?news=dia-aberto-no-biocant-park\" target=\"_self\">Dia aberto decorreu no Biocant Park<\/a>\n\t\t\t\t\t \t\t\t\t<\/h2>\n\t\t\t\t\t\t\t<div class=\"wpnaw-news-date\">\n\t\t\t\t\t\t\t\t\t\t\t\t\t\t\t10 de Abril, 2024\t\t\t\t<\/div>\n\t\t\t\t\t\t\t<div class=\"wpnaw-news-content\">\n\t\t\t\t\t\t\t\t\t\t\t<div class=\"wpnaw-news-short-content\">Decorreu no dia 10 de abril no Biocant Park uma nova edi\u00e7\u00e3o do Dia Aberto, organizada num formato diferente de...<\/div>\n\t\t\t\t\t\t\t\t\t\t\t\t\t<a href=\"https:\/\/www.abap.pt\/?news=dia-aberto-no-biocant-park\" target=\"_self\" class=\"readmorebtn\">Ler mais<\/a>\n\t\t\t\t\t\t\t\t\t\t<\/div>\n\t\t\t\t\t<\/div>\n\t<\/div>\n<\/div>\n<div class=\"wpnaw-news-grid wpnews-medium-4 wpnews-columns  wpnw-first\">\n\t<div class=\"wpnaw-news-grid-content\">\n\t\t\t\t\t<div class=\"wpnaw-news-image-bg\" style=\"\">\n\t\t\t\t<a href=\"https:\/\/www.abap.pt\/?news=1031\" target=\"_self\">\n\t\t\t\t\t<img decoding=\"async\" src=\"https:\/\/www.abap.pt\/wp-content\/uploads\/2024\/04\/ag.jpg\" alt=\"Contas da associa\u00e7\u00e3o aprovadas por unanimidade\" \/>\n\t\t\t\t<\/a>\n\t\t\t<\/div>\n\t\t\t\t<div class=\"wpnaw-news-inner-content\">\n\t\t\t\t\n\t\t\t\t<h2 class=\"wpnaw-news-title\">\n\t\t\t\t\t\t\t\t\t\t \t<a href=\"https:\/\/www.abap.pt\/?news=1031\" target=\"_self\">Contas da associa\u00e7\u00e3o aprovadas por unanimidade<\/a>\n\t\t\t\t\t \t\t\t\t<\/h2>\n\t\t\t\t\t\t\t<div class=\"wpnaw-news-date\">\n\t\t\t\t\t\t\t\t\t\t\t\t\t\t\t25 de Mar\u00e7o, 2024\t\t\t\t<\/div>\n\t\t\t\t\t\t\t<div class=\"wpnaw-news-content\">\n\t\t\t\t\t\t\t\t\t\t\t<div class=\"wpnaw-news-short-content\">Realizaram-se no dia 25-03-2024 as Assembleias-Gerais (AG) da Biocant \u2013 Associa\u00e7\u00e3o de Transfer\u00eancia de Tecnologia e da ABAP \u2013 Associa\u00e7\u00e3o...<\/div>\n\t\t\t\t\t\t\t\t\t\t\t\t\t<a href=\"https:\/\/www.abap.pt\/?news=1031\" target=\"_self\" class=\"readmorebtn\">Ler mais<\/a>\n\t\t\t\t\t\t\t\t\t\t<\/div>\n\t\t\t\t\t<\/div>\n\t<\/div>\n<\/div>\n<div class=\"wpnaw-news-grid wpnews-medium-4 wpnews-columns \">\n\t<div class=\"wpnaw-news-grid-content\">\n\t\t\t\t\t<div class=\"wpnaw-news-image-bg\" style=\"\">\n\t\t\t\t<a href=\"https:\/\/www.abap.pt\/?news=economista-jaime-quesado-apresentou-o-livro-nova-competitividade-no-biocant-park\" target=\"_self\">\n\t\t\t\t\t<img decoding=\"async\" src=\"https:\/\/www.abap.pt\/wp-content\/uploads\/2023\/05\/jaime1-1-1024x630.jpg\" alt=\"Economista Jaime Quesado apresentou o livro \u201cNOVA COMPETITIVIDADE\u201d no Biocant Park\" \/>\n\t\t\t\t<\/a>\n\t\t\t<\/div>\n\t\t\t\t<div class=\"wpnaw-news-inner-content\">\n\t\t\t\t\n\t\t\t\t<h2 class=\"wpnaw-news-title\">\n\t\t\t\t\t\t\t\t\t\t \t<a href=\"https:\/\/www.abap.pt\/?news=economista-jaime-quesado-apresentou-o-livro-nova-competitividade-no-biocant-park\" target=\"_self\">Economista Jaime Quesado apresentou o livro \u201cNOVA COMPETITIVIDADE\u201d...<\/a>\n\t\t\t\t\t \t\t\t\t<\/h2>\n\t\t\t\t\t\t\t<div class=\"wpnaw-news-date\">\n\t\t\t\t\t\t\t\t\t\t\t\t\t\t\t30 de Maio, 2023\t\t\t\t<\/div>\n\t\t\t\t\t\t\t<div class=\"wpnaw-news-content\">\n\t\t\t\t\t\t\t\t\t\t\t<div class=\"wpnaw-news-short-content\">O economista e gestor Francisco Jaime Quesado que celebra 40 anos de escrita com v\u00e1rias publica\u00e7\u00f5es sobre inova\u00e7\u00e3o e competitividade...<\/div>\n\t\t\t\t\t\t\t\t\t\t\t\t\t<a href=\"https:\/\/www.abap.pt\/?news=economista-jaime-quesado-apresentou-o-livro-nova-competitividade-no-biocant-park\" target=\"_self\" class=\"readmorebtn\">Ler mais<\/a>\n\t\t\t\t\t\t\t\t\t\t<\/div>\n\t\t\t\t\t<\/div>\n\t<\/div>\n<\/div>\n<div class=\"wpnaw-news-grid wpnews-medium-4 wpnews-columns  wpnw-last\">\n\t<div class=\"wpnaw-news-grid-content\">\n\t\t\t\t\t<div class=\"wpnaw-news-image-bg\" style=\"\">\n\t\t\t\t<a href=\"https:\/\/www.abap.pt\/?news=as-novas-fronteiras-da-medicina-estao-em-cantanhede\" target=\"_self\">\n\t\t\t\t\t<img decoding=\"async\" src=\"https:\/\/www.abap.pt\/wp-content\/uploads\/2023\/05\/pic1.jpg\" alt=\"As novas fronteiras da medicina est\u00e3o em Cantanhede\" \/>\n\t\t\t\t<\/a>\n\t\t\t<\/div>\n\t\t\t\t<div class=\"wpnaw-news-inner-content\">\n\t\t\t\t\n\t\t\t\t<h2 class=\"wpnaw-news-title\">\n\t\t\t\t\t\t\t\t\t\t \t<a href=\"https:\/\/www.abap.pt\/?news=as-novas-fronteiras-da-medicina-estao-em-cantanhede\" target=\"_self\">As novas fronteiras da medicina est\u00e3o em Cantanhede<\/a>\n\t\t\t\t\t \t\t\t\t<\/h2>\n\t\t\t\t\t\t\t<div class=\"wpnaw-news-date\">\n\t\t\t\t\t\t\t\t\t\t\t\t\t\t\t8 de Maio, 2023\t\t\t\t<\/div>\n\t\t\t\t\t\t\t<div class=\"wpnaw-news-content\">\n\t\t\t\t\t\t\t\t\t\t\t<div class=\"wpnaw-news-short-content\">Cantanhede lidera na investiga\u00e7\u00e3o de novos medicamentos O Biocant, em Cantanhede, \u00e9 o \u00fanico parque em Portugal dedicado \u00e0s bioci\u00eancias...<\/div>\n\t\t\t\t\t\t\t\t\t\t\t\t\t<a href=\"https:\/\/www.abap.pt\/?news=as-novas-fronteiras-da-medicina-estao-em-cantanhede\" target=\"_self\" class=\"readmorebtn\">Ler mais<\/a>\n\t\t\t\t\t\t\t\t\t\t<\/div>\n\t\t\t\t\t<\/div>\n\t<\/div>\n<\/div>\n<div class=\"wpnaw-news-grid wpnews-medium-4 wpnews-columns  wpnw-first\">\n\t<div class=\"wpnaw-news-grid-content\">\n\t\t\t\t\t<div class=\"wpnaw-news-image-bg\" style=\"\">\n\t\t\t\t<a href=\"https:\/\/www.abap.pt\/?news=inauguracao\" target=\"_self\">\n\t\t\t\t\t<img decoding=\"async\" src=\"https:\/\/www.abap.pt\/wp-content\/uploads\/2023\/05\/Cantanhede1.jpg\" alt=\"HELENA TEOD\u00d3SIO: \u201cCANTANHEDE, um concelho virado para o futuro\u201d\" \/>\n\t\t\t\t<\/a>\n\t\t\t<\/div>\n\t\t\t\t<div class=\"wpnaw-news-inner-content\">\n\t\t\t\t\n\t\t\t\t<h2 class=\"wpnaw-news-title\">\n\t\t\t\t\t\t\t\t\t\t \t<a href=\"https:\/\/www.abap.pt\/?news=inauguracao\" target=\"_self\">HELENA TEOD\u00d3SIO: \u201cCANTANHEDE, um concelho virado para o...<\/a>\n\t\t\t\t\t \t\t\t\t<\/h2>\n\t\t\t\t\t\t\t<div class=\"wpnaw-news-date\">\n\t\t\t\t\t\t\t\t\t\t\t\t\t\t\t2 de Maio, 2023\t\t\t\t<\/div>\n\t\t\t\t\t\t\t<div class=\"wpnaw-news-content\">\n\t\t\t\t\t\t\t\t\t\t\t<div class=\"wpnaw-news-short-content\">Integrado na NUT III Baixo Mondego, na zona de fronteira com o Baixo Vouga, o concelho de Cantanhede tem uma...<\/div>\n\t\t\t\t\t\t\t\t\t\t\t\t\t<a href=\"https:\/\/www.abap.pt\/?news=inauguracao\" target=\"_self\" class=\"readmorebtn\">Ler mais<\/a>\n\t\t\t\t\t\t\t\t\t\t<\/div>\n\t\t\t\t\t<\/div>\n\t<\/div>\n<\/div>\n<div class=\"wpnaw-news-grid wpnews-medium-4 wpnews-columns \">\n\t<div class=\"wpnaw-news-grid-content\">\n\t\t\t\t\t<div class=\"wpnaw-news-image-bg\" style=\"\">\n\t\t\t\t<a href=\"https:\/\/www.abap.pt\/?news=nova-noticia\" target=\"_self\">\n\t\t\t\t\t<img decoding=\"async\" src=\"https:\/\/www.abap.pt\/wp-content\/uploads\/2023\/05\/BioBoost-e1684283380133-1024x496.jpg\" alt=\"BioBOOST \u2013 Programa premeia projetos inovadores em Bioempreededorismo\" \/>\n\t\t\t\t<\/a>\n\t\t\t<\/div>\n\t\t\t\t<div class=\"wpnaw-news-inner-content\">\n\t\t\t\t\n\t\t\t\t<h2 class=\"wpnaw-news-title\">\n\t\t\t\t\t\t\t\t\t\t \t<a href=\"https:\/\/www.abap.pt\/?news=nova-noticia\" target=\"_self\">BioBOOST \u2013 Programa premeia projetos inovadores em Bioempreededorismo<\/a>\n\t\t\t\t\t \t\t\t\t<\/h2>\n\t\t\t\t\t\t\t<div class=\"wpnaw-news-date\">\n\t\t\t\t\t\t\t\t\t\t\t\t\t\t\t3 de Abril, 2023\t\t\t\t<\/div>\n\t\t\t\t\t\t\t<div class=\"wpnaw-news-content\">\n\t\t\t\t\t\t\t\t\t\t\t<div class=\"wpnaw-news-short-content\">No passado dia 31 de mar\u00e7o decorreu no Biocant Park a sess\u00e3o p\u00fablica final de apresenta\u00e7\u00e3o dos projetos mentorados no...<\/div>\n\t\t\t\t\t\t\t\t\t\t\t\t\t<a href=\"https:\/\/www.abap.pt\/?news=nova-noticia\" target=\"_self\" class=\"readmorebtn\">Ler mais<\/a>\n\t\t\t\t\t\t\t\t\t\t<\/div>\n\t\t\t\t\t<\/div>\n\t<\/div>\n<\/div>\n<div class=\"wpnaw-news-grid wpnews-medium-4 wpnews-columns  wpnw-last\">\n\t<div class=\"wpnaw-news-grid-content\">\n\t\t\t\t\t<div class=\"wpnaw-news-image-bg\" style=\"\">\n\t\t\t\t<a href=\"https:\/\/www.abap.pt\/?news=primeira-noticia\" target=\"_self\">\n\t\t\t\t\t<img decoding=\"async\" src=\"https:\/\/www.abap.pt\/wp-content\/uploads\/2024\/02\/tb4health2.jpg\" alt=\"Cons\u00f3rcio liderado pelo Biocant Park integra Rede Nacional de Test Beds\" \/>\n\t\t\t\t<\/a>\n\t\t\t<\/div>\n\t\t\t\t<div class=\"wpnaw-news-inner-content\">\n\t\t\t\t\n\t\t\t\t<h2 class=\"wpnaw-news-title\">\n\t\t\t\t\t\t\t\t\t\t \t<a href=\"https:\/\/www.abap.pt\/?news=primeira-noticia\" target=\"_self\">Cons\u00f3rcio liderado pelo Biocant Park integra Rede Nacional...<\/a>\n\t\t\t\t\t \t\t\t\t<\/h2>\n\t\t\t\t\t\t\t<div class=\"wpnaw-news-date\">\n\t\t\t\t\t\t\t\t\t\t\t\t\t\t\t2 de Abril, 2023\t\t\t\t<\/div>\n\t\t\t\t\t\t\t<div class=\"wpnaw-news-content\">\n\t\t\t\t\t\t\t\t\t\t\t<div class=\"wpnaw-news-short-content\">O Biocant Park lidera o \"TB4Health\", um dos cons\u00f3rcios selecionados para a Rede Nacional de Test Beds (RNTB), programa financiado...<\/div>\n\t\t\t\t\t\t\t\t\t\t\t\t\t<a href=\"https:\/\/www.abap.pt\/?news=primeira-noticia\" target=\"_self\" class=\"readmorebtn\">Ler mais<\/a>\n\t\t\t\t\t\t\t\t\t\t<\/div>\n\t\t\t\t\t<\/div>\n\t<\/div>\n<\/div>\n<div class=\"wpnaw-news-grid wpnews-medium-4 wpnews-columns  wpnw-first\">\n\t<div class=\"wpnaw-news-grid-content\">\n\t\t\t\t\t<div class=\"wpnaw-news-image-bg\" style=\"\">\n\t\t\t\t<a href=\"https:\/\/www.abap.pt\/?news=accelbio-pretende-colocar-farmacos-inovadores-no-mercado\" target=\"_self\">\n\t\t\t\t\t<img decoding=\"async\" src=\"https:\/\/www.abap.pt\/wp-content\/uploads\/2023\/05\/acellbio-1024x461.jpg\" alt=\"AccelBio pretende colocar f\u00e1rmacos inovadores no mercado\" \/>\n\t\t\t\t<\/a>\n\t\t\t<\/div>\n\t\t\t\t<div class=\"wpnaw-news-inner-content\">\n\t\t\t\t\n\t\t\t\t<h2 class=\"wpnaw-news-title\">\n\t\t\t\t\t\t\t\t\t\t \t<a href=\"https:\/\/www.abap.pt\/?news=accelbio-pretende-colocar-farmacos-inovadores-no-mercado\" target=\"_self\">AccelBio pretende colocar f\u00e1rmacos inovadores no mercado<\/a>\n\t\t\t\t\t \t\t\t\t<\/h2>\n\t\t\t\t\t\t\t<div class=\"wpnaw-news-date\">\n\t\t\t\t\t\t\t\t\t\t\t\t\t\t\t1 de Mar\u00e7o, 2023\t\t\t\t<\/div>\n\t\t\t\t\t\t\t<div class=\"wpnaw-news-content\">\n\t\t\t\t\t\t\t\t\t\t\t<div class=\"wpnaw-news-short-content\">B\u00e1rbara Gomes, doutorada em Ci\u00eancias Biom\u00e9dicas e CEO no AccelBio, em entrevista ao SAPO Lifestyle revelou que o AccelBio pretende...<\/div>\n\t\t\t\t\t\t\t\t\t\t\t\t\t<a href=\"https:\/\/www.abap.pt\/?news=accelbio-pretende-colocar-farmacos-inovadores-no-mercado\" target=\"_self\" class=\"readmorebtn\">Ler mais<\/a>\n\t\t\t\t\t\t\t\t\t\t<\/div>\n\t\t\t\t\t<\/div>\n\t<\/div>\n<\/div>\n\n<\/div><\/strong> <\/p>\n\n\n\n<p><\/p>\n","protected":false},"excerpt":{"rendered":"","protected":false},"author":1,"featured_media":0,"parent":0,"menu_order":0,"comment_status":"closed","ping_status":"closed","template":"","meta":{"neve_meta_sidebar":"","neve_meta_container":"","neve_meta_enable_content_width":"on","neve_meta_content_width":70,"neve_meta_title_alignment":"","neve_meta_author_avatar":"","neve_post_elements_order":"","neve_meta_disable_header":"","neve_meta_disable_footer":"","neve_meta_disable_title":"","footnotes":""},"class_list":["post-191","page","type-page","status-publish","hentry"],"_links":{"self":[{"href":"https:\/\/www.abap.pt\/index.php?rest_route=\/wp\/v2\/pages\/191","targetHints":{"allow":["GET"]}}],"collection":[{"href":"https:\/\/www.abap.pt\/index.php?rest_route=\/wp\/v2\/pages"}],"about":[{"href":"https:\/\/www.abap.pt\/index.php?rest_route=\/wp\/v2\/types\/page"}],"author":[{"embeddable":true,"href":"https:\/\/www.abap.pt\/index.php?rest_route=\/wp\/v2\/users\/1"}],"replies":[{"embeddable":true,"href":"https:\/\/www.abap.pt\/index.php?rest_route=%2Fwp%2Fv2%2Fcomments&post=191"}],"version-history":[{"count":118,"href":"https:\/\/www.abap.pt\/index.php?rest_route=\/wp\/v2\/pages\/191\/revisions"}],"predecessor-version":[{"id":1039,"href":"https:\/\/www.abap.pt\/index.php?rest_route=\/wp\/v2\/pages\/191\/revisions\/1039"}],"wp:attachment":[{"href":"https:\/\/www.abap.pt\/index.php?rest_route=%2Fwp%2Fv2%2Fmedia&parent=191"}],"curies":[{"name":"wp","href":"https:\/\/api.w.org\/{rel}","templated":true}]}}